{"id":4160,"date":"2025-05-09T12:35:15","date_gmt":"2025-05-09T10:35:15","guid":{"rendered":"https:\/\/www.feketezaj.hu\/?page_id=4160"},"modified":"2026-03-23T17:47:15","modified_gmt":"2026-03-23T16:47:15","slug":"mi-a-zaj","status":"publish","type":"page","link":"https:\/\/www.feketezaj.hu\/en\/mi-a-zaj\/","title":{"rendered":"\u2022 2026 MI A ZAJ"},"content":{"rendered":"<div data-elementor-type=\"wp-page\" data-elementor-id=\"4160\" class=\"elementor elementor-4160\" data-elementor-post-type=\"page\">\n\t\t\t\t<div class=\"elementor-element elementor-element-1463a9d4 e-con-full e-flex e-con e-child\" data-id=\"1463a9d4\" data-element_type=\"container\" data-e-type=\"container\" data-settings=\"{&quot;background_background&quot;:&quot;classic&quot;}\">\n\t\t\t\t<div class=\"elementor-element elementor-element-409c4fe7 elementor-widget elementor-widget-heading\" data-id=\"409c4fe7\" data-element_type=\"widget\" data-e-type=\"widget\" data-widget_type=\"heading.default\">\n\t\t\t\t<div class=\"elementor-widget-container\">\n\t\t\t\t\t<h1 class=\"elementor-heading-title elementor-size-default\">What is Zaj? <\/h1>\t\t\t\t<\/div>\n\t\t\t\t<\/div>\n\t\t\t\t<div class=\"elementor-element elementor-element-7943db3 elementor-widget elementor-widget-heading\" data-id=\"7943db3\" data-element_type=\"widget\" data-e-type=\"widget\" data-widget_type=\"heading.default\">\n\t\t\t\t<div class=\"elementor-widget-container\">\n\t\t\t\t\t<h6 class=\"elementor-heading-title elementor-size-default\">community \u2022 subculture \u2022 nature\u200b<\/h6>\t\t\t\t<\/div>\n\t\t\t\t<\/div>\n\t\t\t\t<div class=\"elementor-element elementor-element-147c4d5 elementor-widget elementor-widget-text-editor\" data-id=\"147c4d5\" data-element_type=\"widget\" data-e-type=\"widget\" data-widget_type=\"text-editor.default\">\n\t\t\t\t<div class=\"elementor-widget-container\">\n\t\t\t\t\t\t\t\t\t<p>Each year, Fekete Zaj Festival hosts the most peculiar and unusual performances in the shade of the M\u00e1tra mountain peak. Fekete Zaj is a celebration of independent music, community, diversity and the discovery of nature; a passage between the familiar and the unknown.<\/p>\t\t\t\t\t\t\t\t<\/div>\n\t\t\t\t<\/div>\n\t\t\t\t<\/div>\n\t\t<div class=\"elementor-element elementor-element-6dd000fa e-flex e-con-boxed e-con e-parent\" data-id=\"6dd000fa\" data-element_type=\"container\" data-e-type=\"container\" id=\"helyszin\" data-settings=\"{&quot;background_background&quot;:&quot;classic&quot;}\">\n\t\t\t\t\t<div class=\"e-con-inner\">\n\t\t\t\t<div class=\"elementor-element elementor-element-cb59fb6 elementor-widget elementor-widget-video\" data-id=\"cb59fb6\" data-element_type=\"widget\" data-e-type=\"widget\" data-settings=\"{&quot;youtube_url&quot;:&quot;https:\\\/\\\/www.youtube.com\\\/watch?v=koQnfG3ew_w&quot;,&quot;video_type&quot;:&quot;youtube&quot;,&quot;controls&quot;:&quot;yes&quot;}\" data-widget_type=\"video.default\">\n\t\t\t\t<div class=\"elementor-widget-container\">\n\t\t\t\t\t\t\t<div class=\"elementor-wrapper elementor-open-inline\">\n\t\t\t<div class=\"elementor-video\"><\/div>\t\t<\/div>\n\t\t\t\t\t\t<\/div>\n\t\t\t\t<\/div>\n\t\t\t\t\t<\/div>\n\t\t\t\t<\/div>\n\t\t<div class=\"elementor-element elementor-element-2308aea0 e-con-full e-flex e-con e-parent\" data-id=\"2308aea0\" data-element_type=\"container\" data-e-type=\"container\" id=\"utazas\" data-settings=\"{&quot;background_background&quot;:&quot;classic&quot;}\">\n\t\t<div class=\"elementor-element elementor-element-290c4eb6 e-con-full e-flex e-con e-child\" data-id=\"290c4eb6\" data-element_type=\"container\" data-e-type=\"container\">\n\t\t<div class=\"elementor-element elementor-element-371d5d6 e-con-full e-flex e-con e-child\" data-id=\"371d5d6\" data-element_type=\"container\" data-e-type=\"container\">\n\t\t\t\t<div class=\"elementor-element elementor-element-6a4c451 elementor-widget elementor-widget-heading\" data-id=\"6a4c451\" data-element_type=\"widget\" data-e-type=\"widget\" data-widget_type=\"heading.default\">\n\t\t\t\t<div class=\"elementor-widget-container\">\n\t\t\t\t\t<h3 class=\"elementor-heading-title elementor-size-default\"><span data-metadata=\"&lt;!--(figmeta)eyJmaWxlS2V5IjoiNm8xS1ZFZXllaGtUclFONkdROUh3VCIsInBhc3RlSUQiOjI4MTU2MjU1NywiZGF0YVR5cGUiOiJzY2VuZSJ9Cg==(\/figmeta)--&gt;\"><\/span>About the diversity <br>of the festival<\/h3>\t\t\t\t<\/div>\n\t\t\t\t<\/div>\n\t\t\t\t<div class=\"elementor-element elementor-element-d3989a3 elementor-widget elementor-widget-text-editor\" data-id=\"d3989a3\" data-element_type=\"widget\" data-e-type=\"widget\" data-widget_type=\"text-editor.default\">\n\t\t\t\t<div class=\"elementor-widget-container\">\n\t\t\t\t\t\t\t\t\t<p>We aim to push the boundaries of sound. Our musical programme covers a wide range of genres from darkwave to post-punk to experimental electronica and more extreme metal. In addition to international headliners, dozens of local artists represent the obscure music scene every year.<\/p>\t\t\t\t\t\t\t\t<\/div>\n\t\t\t\t<\/div>\n\t\t\t\t<div class=\"elementor-element elementor-element-f60d911 elementor-mobile-align-justify elementor-widget-mobile__width-inherit elementor-widget elementor-widget-button\" data-id=\"f60d911\" data-element_type=\"widget\" data-e-type=\"widget\" data-widget_type=\"button.default\">\n\t\t\t\t<div class=\"elementor-widget-container\">\n\t\t\t\t\t\t\t\t\t<div class=\"elementor-button-wrapper\">\n\t\t\t\t\t<a class=\"elementor-button elementor-button-link elementor-size-sm elementor-animation-float\" href=\"https:\/\/www.feketezaj.hu\/en\/lineup\/\" target=\"_blank\">\n\t\t\t\t\t\t<span class=\"elementor-button-content-wrapper\">\n\t\t\t\t\t\t\t\t\t<span class=\"elementor-button-text\">LINEUP<\/span>\n\t\t\t\t\t<\/span>\n\t\t\t\t\t<\/a>\n\t\t\t\t<\/div>\n\t\t\t\t\t\t\t\t<\/div>\n\t\t\t\t<\/div>\n\t\t\t\t<\/div>\n\t\t\t\t<div class=\"elementor-element elementor-element-4020b79 elementor-widget elementor-widget-image\" data-id=\"4020b79\" data-element_type=\"widget\" data-e-type=\"widget\" data-widget_type=\"image.default\">\n\t\t\t\t<div class=\"elementor-widget-container\">\n\t\t\t\t\t\t\t\t\t\t\t\t\t\t\t<img fetchpriority=\"high\" decoding=\"async\" width=\"1024\" height=\"683\" src=\"https:\/\/www.feketezaj.hu\/wp-content\/uploads\/2025\/05\/15-1024x683.jpg\" class=\"attachment-large size-large wp-image-4165\" alt=\"\" srcset=\"https:\/\/www.feketezaj.hu\/wp-content\/uploads\/2025\/05\/15-980x654.jpg 980w, https:\/\/www.feketezaj.hu\/wp-content\/uploads\/2025\/05\/15-480x320.jpg 480w\" sizes=\"(min-width: 0px) and (max-width: 480px) 480px, (min-width: 481px) and (max-width: 980px) 980px, (min-width: 981px) 1024px, 100vw\" \/>\t\t\t\t\t\t\t\t\t\t\t\t\t\t\t<\/div>\n\t\t\t\t<\/div>\n\t\t\t\t<\/div>\n\t\t\t\t<\/div>\n\t\t<div class=\"elementor-element elementor-element-54d092c e-flex e-con-boxed e-con e-parent\" data-id=\"54d092c\" data-element_type=\"container\" data-e-type=\"container\" data-settings=\"{&quot;background_background&quot;:&quot;classic&quot;}\">\n\t\t\t\t\t<div class=\"e-con-inner\">\n\t\t<div class=\"elementor-element elementor-element-ce03397 e-con-full e-flex e-con e-child\" data-id=\"ce03397\" data-element_type=\"container\" data-e-type=\"container\">\n\t\t\t\t<div class=\"elementor-element elementor-element-3b63758 elementor-widget elementor-widget-image\" data-id=\"3b63758\" data-element_type=\"widget\" data-e-type=\"widget\" data-widget_type=\"image.default\">\n\t\t\t\t<div class=\"elementor-widget-container\">\n\t\t\t\t\t\t\t\t\t\t\t\t\t\t\t<img decoding=\"async\" width=\"1024\" height=\"683\" src=\"https:\/\/www.feketezaj.hu\/wp-content\/uploads\/2025\/05\/3-1024x683.jpg\" class=\"attachment-large size-large wp-image-4169\" alt=\"\" srcset=\"https:\/\/www.feketezaj.hu\/wp-content\/uploads\/2025\/05\/3-980x654.jpg 980w, https:\/\/www.feketezaj.hu\/wp-content\/uploads\/2025\/05\/3-480x320.jpg 480w\" sizes=\"(min-width: 0px) and (max-width: 480px) 480px, (min-width: 481px) and (max-width: 980px) 980px, (min-width: 981px) 1024px, 100vw\" \/>\t\t\t\t\t\t\t\t\t\t\t\t\t\t\t<\/div>\n\t\t\t\t<\/div>\n\t\t<div class=\"elementor-element elementor-element-26f7737 e-con-full e-flex e-con e-child\" data-id=\"26f7737\" data-element_type=\"container\" data-e-type=\"container\">\n\t\t\t\t<div class=\"elementor-element elementor-element-1ace1fe elementor-widget elementor-widget-heading\" data-id=\"1ace1fe\" data-element_type=\"widget\" data-e-type=\"widget\" data-widget_type=\"heading.default\">\n\t\t\t\t<div class=\"elementor-widget-container\">\n\t\t\t\t\t<h3 class=\"elementor-heading-title elementor-size-default\">OFF programmes<\/h3>\t\t\t\t<\/div>\n\t\t\t\t<\/div>\n\t\t\t\t<div class=\"elementor-element elementor-element-458264f elementor-widget elementor-widget-text-editor\" data-id=\"458264f\" data-element_type=\"widget\" data-e-type=\"widget\" data-widget_type=\"text-editor.default\">\n\t\t\t\t<div class=\"elementor-widget-container\">\n\t\t\t\t\t\t\t\t\t<p><span style=\"white-space-collapse: preserve;\">In addition to the concerts, workshops, talks and screenings will help to dive deeper into the spirit of Fekete Zaj, while performances, contemporary art installations and community programmes will bring fans closer together. You can join yoga classes, group hikes or even go mushroom hunting in the forest, all set in the beautiful surroundings of the M\u00e1tra mountain range.<\/span><\/p>\t\t\t\t\t\t\t\t<\/div>\n\t\t\t\t<\/div>\n\t\t\t\t<div class=\"elementor-element elementor-element-bcca07c elementor-mobile-align-justify elementor-widget elementor-widget-button\" data-id=\"bcca07c\" data-element_type=\"widget\" data-e-type=\"widget\" data-widget_type=\"button.default\">\n\t\t\t\t<div class=\"elementor-widget-container\">\n\t\t\t\t\t\t\t\t\t<div class=\"elementor-button-wrapper\">\n\t\t\t\t\t<a class=\"elementor-button elementor-button-link elementor-size-sm elementor-animation-float\" href=\"https:\/\/www.feketezaj.hu\/en\/lineup\/\" target=\"_blank\">\n\t\t\t\t\t\t<span class=\"elementor-button-content-wrapper\">\n\t\t\t\t\t\t\t\t\t<span class=\"elementor-button-text\">LINEUP<\/span>\n\t\t\t\t\t<\/span>\n\t\t\t\t\t<\/a>\n\t\t\t\t<\/div>\n\t\t\t\t\t\t\t\t<\/div>\n\t\t\t\t<\/div>\n\t\t\t\t<\/div>\n\t\t\t\t<\/div>\n\t\t\t\t\t<\/div>\n\t\t\t\t<\/div>\n\t\t<div class=\"elementor-element elementor-element-5f18181 e-grid e-con-boxed e-con e-parent\" data-id=\"5f18181\" data-element_type=\"container\" data-e-type=\"container\">\n\t\t\t\t\t<div class=\"e-con-inner\">\n\t\t\t\t<div class=\"elementor-element elementor-element-86808e6 elementor-widget elementor-widget-image\" data-id=\"86808e6\" data-element_type=\"widget\" data-e-type=\"widget\" data-widget_type=\"image.default\">\n\t\t\t\t<div class=\"elementor-widget-container\">\n\t\t\t\t\t\t\t\t\t\t\t\t\t\t\t<img decoding=\"async\" width=\"1024\" height=\"683\" src=\"https:\/\/www.feketezaj.hu\/wp-content\/uploads\/2025\/05\/14-1024x683.jpg\" class=\"attachment-large size-large wp-image-4170\" alt=\"\" srcset=\"https:\/\/www.feketezaj.hu\/wp-content\/uploads\/2025\/05\/14-980x654.jpg 980w, https:\/\/www.feketezaj.hu\/wp-content\/uploads\/2025\/05\/14-480x320.jpg 480w\" sizes=\"(min-width: 0px) and (max-width: 480px) 480px, (min-width: 481px) and (max-width: 980px) 980px, (min-width: 981px) 1024px, 100vw\" \/>\t\t\t\t\t\t\t\t\t\t\t\t\t\t\t<\/div>\n\t\t\t\t<\/div>\n\t\t\t\t<div class=\"elementor-element elementor-element-357d004 elementor-widget elementor-widget-image\" data-id=\"357d004\" data-element_type=\"widget\" data-e-type=\"widget\" data-widget_type=\"image.default\">\n\t\t\t\t<div class=\"elementor-widget-container\">\n\t\t\t\t\t\t\t\t\t\t\t\t\t\t\t<img loading=\"lazy\" decoding=\"async\" width=\"1024\" height=\"683\" src=\"https:\/\/www.feketezaj.hu\/wp-content\/uploads\/2025\/05\/8-1024x683.jpg\" class=\"attachment-large size-large wp-image-4171\" alt=\"\" srcset=\"https:\/\/www.feketezaj.hu\/wp-content\/uploads\/2025\/05\/8-980x654.jpg 980w, https:\/\/www.feketezaj.hu\/wp-content\/uploads\/2025\/05\/8-480x320.jpg 480w\" sizes=\"(min-width: 0px) and (max-width: 480px) 480px, (min-width: 481px) and (max-width: 980px) 980px, (min-width: 981px) 1024px, 100vw\" \/>\t\t\t\t\t\t\t\t\t\t\t\t\t\t\t<\/div>\n\t\t\t\t<\/div>\n\t\t\t\t<div class=\"elementor-element elementor-element-6f438d0 elementor-widget elementor-widget-image\" data-id=\"6f438d0\" data-element_type=\"widget\" data-e-type=\"widget\" data-widget_type=\"image.default\">\n\t\t\t\t<div class=\"elementor-widget-container\">\n\t\t\t\t\t\t\t\t\t\t\t\t\t\t\t<img loading=\"lazy\" decoding=\"async\" width=\"1024\" height=\"683\" src=\"https:\/\/www.feketezaj.hu\/wp-content\/uploads\/2025\/05\/6-1024x683.jpg\" class=\"attachment-large size-large wp-image-4172\" alt=\"\" srcset=\"https:\/\/www.feketezaj.hu\/wp-content\/uploads\/2025\/05\/6-980x654.jpg 980w, https:\/\/www.feketezaj.hu\/wp-content\/uploads\/2025\/05\/6-480x320.jpg 480w\" sizes=\"(min-width: 0px) and (max-width: 480px) 480px, (min-width: 481px) and (max-width: 980px) 980px, (min-width: 981px) 1024px, 100vw\" \/>\t\t\t\t\t\t\t\t\t\t\t\t\t\t\t<\/div>\n\t\t\t\t<\/div>\n\t\t\t\t\t<\/div>\n\t\t\t\t<\/div>\n\t\t<div class=\"elementor-element elementor-element-3fa84a5 e-flex e-con-boxed e-con e-parent\" data-id=\"3fa84a5\" data-element_type=\"container\" data-e-type=\"container\" data-settings=\"{&quot;background_background&quot;:&quot;classic&quot;}\">\n\t\t\t\t\t<div class=\"e-con-inner\">\n\t\t<div class=\"elementor-element elementor-element-17e1c12 e-con-full e-flex e-con e-child\" data-id=\"17e1c12\" data-element_type=\"container\" data-e-type=\"container\">\n\t\t<div class=\"elementor-element elementor-element-8303562 e-con-full e-flex e-con e-child\" data-id=\"8303562\" data-element_type=\"container\" data-e-type=\"container\">\n\t\t\t\t<div class=\"elementor-element elementor-element-727250e elementor-widget elementor-widget-heading\" data-id=\"727250e\" data-element_type=\"widget\" data-e-type=\"widget\" data-widget_type=\"heading.default\">\n\t\t\t\t<div class=\"elementor-widget-container\">\n\t\t\t\t\t<h3 class=\"elementor-heading-title elementor-size-default\">Fekete Zaj 2026 will feature an exciting line-up of local and international artists.<\/h3>\t\t\t\t<\/div>\n\t\t\t\t<\/div>\n\t\t\t\t<div class=\"elementor-element elementor-element-1dfd6f3 elementor-mobile-align-justify elementor-widget-mobile__width-inherit elementor-widget elementor-widget-button\" data-id=\"1dfd6f3\" data-element_type=\"widget\" data-e-type=\"widget\" data-widget_type=\"button.default\">\n\t\t\t\t<div class=\"elementor-widget-container\">\n\t\t\t\t\t\t\t\t\t<div class=\"elementor-button-wrapper\">\n\t\t\t\t\t<a class=\"elementor-button elementor-button-link elementor-size-sm elementor-animation-float\" href=\"https:\/\/www.feketezaj.hu\/en\/lineup\/\" target=\"_blank\">\n\t\t\t\t\t\t<span class=\"elementor-button-content-wrapper\">\n\t\t\t\t\t\t\t\t\t<span class=\"elementor-button-text\">LINEUP<\/span>\n\t\t\t\t\t<\/span>\n\t\t\t\t\t<\/a>\n\t\t\t\t<\/div>\n\t\t\t\t\t\t\t\t<\/div>\n\t\t\t\t<\/div>\n\t\t\t\t<\/div>\n\t\t\t\t<\/div>\n\t\t\t\t\t<\/div>\n\t\t\t\t<\/div>\n\t\t<div class=\"elementor-element elementor-element-45e4937 e-flex e-con-boxed e-con e-parent\" data-id=\"45e4937\" data-element_type=\"container\" data-e-type=\"container\" data-settings=\"{&quot;background_background&quot;:&quot;classic&quot;}\">\n\t\t\t\t\t<div class=\"e-con-inner\">\n\t\t<div class=\"elementor-element elementor-element-e37ccf9 e-con-full e-flex e-con e-child\" data-id=\"e37ccf9\" data-element_type=\"container\" data-e-type=\"container\">\n\t\t<div class=\"elementor-element elementor-element-b6a4ee2 e-con-full e-flex e-con e-child\" data-id=\"b6a4ee2\" data-element_type=\"container\" data-e-type=\"container\">\n\t\t\t\t<div class=\"elementor-element elementor-element-01359ca elementor-widget elementor-widget-heading\" data-id=\"01359ca\" data-element_type=\"widget\" data-e-type=\"widget\" data-widget_type=\"heading.default\">\n\t\t\t\t<div class=\"elementor-widget-container\">\n\t\t\t\t\t<h3 class=\"elementor-heading-title elementor-size-default\"><span data-metadata=\"&lt;!--(figmeta)eyJmaWxlS2V5IjoiNm8xS1ZFZXllaGtUclFONkdROUh3VCIsInBhc3RlSUQiOjI4MTU2MjU1NywiZGF0YVR5cGUiOiJzY2VuZSJ9Cg==(\/figmeta)--&gt;\"><\/span>Club concerts throughout the year<\/h3>\t\t\t\t<\/div>\n\t\t\t\t<\/div>\n\t\t\t\t<div class=\"elementor-element elementor-element-c42bbce elementor-widget elementor-widget-text-editor\" data-id=\"c42bbce\" data-element_type=\"widget\" data-e-type=\"widget\" data-widget_type=\"text-editor.default\">\n\t\t\t\t<div class=\"elementor-widget-container\">\n\t\t\t\t\t\t\t\t\t<p>If you're looking to immerse yourself in noise-filled Zaj concerts before the festival, you don't have to wait until the end of July: we'll be bringing concerts to Budapest and underground clubs in other cities during the club season. The club concerts not only evoke the atmosphere of the summer festival, but also give you the chance to enjoy smaller, more intimate musical experiences. Check out our concert calendar!<\/p>\t\t\t\t\t\t\t\t<\/div>\n\t\t\t\t<\/div>\n\t\t\t\t<div class=\"elementor-element elementor-element-5a7d8b3 elementor-mobile-align-justify elementor-widget elementor-widget-button\" data-id=\"5a7d8b3\" data-element_type=\"widget\" data-e-type=\"widget\" data-widget_type=\"button.default\">\n\t\t\t\t<div class=\"elementor-widget-container\">\n\t\t\t\t\t\t\t\t\t<div class=\"elementor-button-wrapper\">\n\t\t\t\t\t<a class=\"elementor-button elementor-button-link elementor-size-sm elementor-animation-float\" href=\"https:\/\/www.feketezaj.hu\/en\/klubkoncertek\/\" target=\"_blank\">\n\t\t\t\t\t\t<span class=\"elementor-button-content-wrapper\">\n\t\t\t\t\t\t\t\t\t<span class=\"elementor-button-text\">CLUB CONCERTS '26<\/span>\n\t\t\t\t\t<\/span>\n\t\t\t\t\t<\/a>\n\t\t\t\t<\/div>\n\t\t\t\t\t\t\t\t<\/div>\n\t\t\t\t<\/div>\n\t\t\t\t<\/div>\n\t\t\t\t<div class=\"elementor-element elementor-element-e9a1ece elementor-widget elementor-widget-image\" data-id=\"e9a1ece\" data-element_type=\"widget\" data-e-type=\"widget\" data-widget_type=\"image.default\">\n\t\t\t\t<div class=\"elementor-widget-container\">\n\t\t\t\t\t\t\t\t\t\t\t\t\t\t\t<img loading=\"lazy\" decoding=\"async\" width=\"1024\" height=\"683\" src=\"https:\/\/www.feketezaj.hu\/wp-content\/uploads\/2025\/05\/10-1024x683.jpg\" class=\"attachment-large size-large wp-image-4173\" alt=\"\" srcset=\"https:\/\/www.feketezaj.hu\/wp-content\/uploads\/2025\/05\/10-980x654.jpg 980w, https:\/\/www.feketezaj.hu\/wp-content\/uploads\/2025\/05\/10-480x320.jpg 480w\" sizes=\"(min-width: 0px) and (max-width: 480px) 480px, (min-width: 481px) and (max-width: 980px) 980px, (min-width: 981px) 1024px, 100vw\" \/>\t\t\t\t\t\t\t\t\t\t\t\t\t\t\t<\/div>\n\t\t\t\t<\/div>\n\t\t\t\t<\/div>\n\t\t\t\t\t<\/div>\n\t\t\t\t<\/div>\n\t\t\t\t<\/div>","protected":false},"excerpt":{"rendered":"<p>Mi a Zaj? K\u00f6z\u00f6ss\u00e9g \u2022 szubkult\u00fara \u2022 term\u00e9szet\u200b A Fekete Zaj Fesztiv\u00e1l a M\u00e1tra hegycs\u00facs\u00e1nak \u00e1rny\u00e9k\u00e1ban ad helyet \u00e9vr\u0151l \u00e9vre a legfurcs\u00e1bb \u00e9s legk\u00fcl\u00f6nlegesebb produkci\u00f3knak. A Fekete Zaj a f\u00fcggetlen zene, a k\u00f6z\u00f6ss\u00e9g, a soksz\u00edn\u0171s\u00e9g \u00e9s a term\u00e9szet felfedez\u00e9s\u00e9nek \u00fcnnepe, \u00e1tj\u00e1r\u00e1s az ismer\u0151s \u00e9s az ismeretlen k\u00f6z\u00f6tt.https:\/\/www.youtube.com\/watch?v=koQnfG3ew_w A fesztiv\u00e1l sokf\u00e9les\u00e9g\u00e9r\u0151l C\u00e9lunk a m\u0171faji hat\u00e1rok feszeget\u00e9se. [&hellip;]<\/p>","protected":false},"author":1,"featured_media":0,"parent":0,"menu_order":0,"comment_status":"closed","ping_status":"closed","template":"elementor_canvas","meta":{"_et_pb_use_builder":"on","_et_pb_old_content":"<h1>Mi a zaj? <\/h1>\t\t\t\t\n\t\t\t\t\t<h6>K\u00f6z\u00f6ss\u00e9g \u2022 szubkult\u00fara \u2022 term\u00e9szet\u200b<\/h6>\t\t\t\t\n\t\t<p>A Fekete Zaj Fesztiv\u00e1l a M\u00e1tra hegycs\u00facs\u00e1nak \u00e1rny\u00e9k\u00e1ban ad helyet \u00e9vr\u0151l \u00e9vre a legfurcs\u00e1bb \u00e9s legk\u00fcl\u00f6nlegesebb produkci\u00f3knak. A Fekete Zaj a f\u00fcggetlen zene, a k\u00f6z\u00f6ss\u00e9g, a soksz\u00edn\u0171s\u00e9g \u00e9s a term\u00e9szet felfedez\u00e9s\u00e9nek \u00fcnnepe, \u00e1tj\u00e1r\u00e1s az ismer\u0151s \u00e9s az ismeretlen k\u00f6z\u00f6tt.<\/p>https:\/\/www.youtube.com\/watch?v=mavU0rhuslQ&#038;t=4s\t\t\n\t\t\t\t\t<h3>\">\">a fesztiv\u00e1l <br>sokf\u00e9les\u00e9g\u00e9r\u0151l<\/h3>\t\t\t\t\n\t\t<p>C\u00e9lunk a m\u0171faji hat\u00e1rok feszeget\u00e9se. Zenei programunk\u00a0 m\u0171fajok sz\u00e9les sk\u00e1l\u00e1j\u00e1t \u00f6leli fel darkwave-t\u0151l a post-punkon \u00e1t eg\u00e9szen a k\u00eds\u00e9rleti elektronik\u00e1ig \u00e9s a legextr\u00e9mebb met\u00e1lig. Nemzetk\u00f6zi headlinerek mellett minden \u00e9vben t\u00f6bb tucat hazai el\u0151ad\u00f3 k\u00e9pviseli az obsk\u00farus zenei sz\u00edntereket.<\/p>\t\t\n\t\t\t\t\t<a href=\"https:\/\/www.feketezaj.hu\/lineup\/\" target=\"_blank\">\n\t\t\t\t\t\t\t\t\tMUTI A LINEUPOT\n\t\t\t\t\t<\/a>\n\t\t\t\t\t\t\t\t\t\t\t\t\t\t\t<img width=\"1024\" height=\"683\" src=\"https:\/\/www.feketezaj.hu\/wp-content\/uploads\/2025\/05\/15-1024x683.jpg\" alt=\"\" srcset=\"https:\/\/www.feketezaj.hu\/wp-content\/uploads\/2025\/05\/15-1024x683.jpg 1024w, https:\/\/www.feketezaj.hu\/wp-content\/uploads\/2025\/05\/15-300x200.jpg 300w, https:\/\/www.feketezaj.hu\/wp-content\/uploads\/2025\/05\/15-768x512.jpg 768w, https:\/\/www.feketezaj.hu\/wp-content\/uploads\/2025\/05\/15-1536x1025.jpg 1536w, https:\/\/www.feketezaj.hu\/wp-content\/uploads\/2025\/05\/15-18x12.jpg 18w, https:\/\/www.feketezaj.hu\/wp-content\/uploads\/2025\/05\/15-1080x720.jpg 1080w, https:\/\/www.feketezaj.hu\/wp-content\/uploads\/2025\/05\/15-1280x854.jpg 1280w, https:\/\/www.feketezaj.hu\/wp-content\/uploads\/2025\/05\/15-980x654.jpg 980w, https:\/\/www.feketezaj.hu\/wp-content\/uploads\/2025\/05\/15-480x320.jpg 480w, https:\/\/www.feketezaj.hu\/wp-content\/uploads\/2025\/05\/15-600x400.jpg 600w, https:\/\/www.feketezaj.hu\/wp-content\/uploads\/2025\/05\/15.jpg 2048w\" sizes=\"(max-width: 1024px) 100vw, 1024px\" \/>\t\t\t\t\t\t\t\t\t\t\t\t\t\t\t\n\t\t\t\t\t\t\t\t\t\t\t\t\t\t\t<img width=\"1024\" height=\"683\" src=\"https:\/\/www.feketezaj.hu\/wp-content\/uploads\/2025\/05\/3-1024x683.jpg\" alt=\"\" srcset=\"https:\/\/www.feketezaj.hu\/wp-content\/uploads\/2025\/05\/3-1024x683.jpg 1024w, https:\/\/www.feketezaj.hu\/wp-content\/uploads\/2025\/05\/3-300x200.jpg 300w, https:\/\/www.feketezaj.hu\/wp-content\/uploads\/2025\/05\/3-768x512.jpg 768w, https:\/\/www.feketezaj.hu\/wp-content\/uploads\/2025\/05\/3-1536x1025.jpg 1536w, https:\/\/www.feketezaj.hu\/wp-content\/uploads\/2025\/05\/3-18x12.jpg 18w, https:\/\/www.feketezaj.hu\/wp-content\/uploads\/2025\/05\/3-1080x720.jpg 1080w, https:\/\/www.feketezaj.hu\/wp-content\/uploads\/2025\/05\/3-1280x854.jpg 1280w, https:\/\/www.feketezaj.hu\/wp-content\/uploads\/2025\/05\/3-980x654.jpg 980w, https:\/\/www.feketezaj.hu\/wp-content\/uploads\/2025\/05\/3-480x320.jpg 480w, https:\/\/www.feketezaj.hu\/wp-content\/uploads\/2025\/05\/3-600x400.jpg 600w, https:\/\/www.feketezaj.hu\/wp-content\/uploads\/2025\/05\/3.jpg 2048w\" sizes=\"(max-width: 1024px) 100vw, 1024px\" \/>\t\t\t\t\t\t\t\t\t\t\t\t\t\t\t\n\t\t\t\t\t<h3>\">\">\">OFF programok<\/h3>\t\t\t\t\n\t\t<p>Koncerteken t\u00fal workshopok, besz\u00e9lget\u00e9sek \u00e9s vet\u00edt\u00e9sek seg\u00edtenek elm\u00e9ly\u00fclni a Fekete Zaj szellemis\u00e9g\u00e9ben, mik\u00f6zben performanszok, kort\u00e1rs m\u0171v\u00e9szeti install\u00e1ci\u00f3k \u00e9s k\u00f6z\u00f6ss\u00e9gi programok hozz\u00e1k egym\u00e1shoz k\u00f6zelebb a Zajong\u00f3kat. A M\u00e1tra gy\u00f6ny\u00f6r\u0171 k\u00f6rnyezet\u00e9hez illeszkedve tal\u00e1lhatsz j\u00f3ga \u00f3r\u00e1kat, csoportos t\u00far\u00e1kat, vagy ak\u00e1r gomb\u00e1szhatsz is az erd\u0151ben.<\/p>\t\t\n\t\t\t\t\t<a href=\"https:\/\/www.feketezaj.hu\/lineup\/\" target=\"_blank\">\n\t\t\t\t\t\t\t\t\tMUTI A LINEUPOT\n\t\t\t\t\t<\/a>\n\t\t\t\t\t\t\t\t\t\t\t\t\t\t\t<img width=\"1024\" height=\"683\" src=\"https:\/\/www.feketezaj.hu\/wp-content\/uploads\/2025\/05\/14-1024x683.jpg\" alt=\"\" srcset=\"https:\/\/www.feketezaj.hu\/wp-content\/uploads\/2025\/05\/14-1024x683.jpg 1024w, https:\/\/www.feketezaj.hu\/wp-content\/uploads\/2025\/05\/14-300x200.jpg 300w, https:\/\/www.feketezaj.hu\/wp-content\/uploads\/2025\/05\/14-768x512.jpg 768w, https:\/\/www.feketezaj.hu\/wp-content\/uploads\/2025\/05\/14-1536x1025.jpg 1536w, https:\/\/www.feketezaj.hu\/wp-content\/uploads\/2025\/05\/14-18x12.jpg 18w, https:\/\/www.feketezaj.hu\/wp-content\/uploads\/2025\/05\/14-1080x720.jpg 1080w, https:\/\/www.feketezaj.hu\/wp-content\/uploads\/2025\/05\/14-1280x854.jpg 1280w, https:\/\/www.feketezaj.hu\/wp-content\/uploads\/2025\/05\/14-980x654.jpg 980w, https:\/\/www.feketezaj.hu\/wp-content\/uploads\/2025\/05\/14-480x320.jpg 480w, https:\/\/www.feketezaj.hu\/wp-content\/uploads\/2025\/05\/14-600x400.jpg 600w, https:\/\/www.feketezaj.hu\/wp-content\/uploads\/2025\/05\/14.jpg 2048w\" sizes=\"(max-width: 1024px) 100vw, 1024px\" \/>\t\t\t\t\t\t\t\t\t\t\t\t\t\t\t\n\t\t\t\t\t\t\t\t\t\t\t\t\t\t\t<img width=\"1024\" height=\"683\" src=\"https:\/\/www.feketezaj.hu\/wp-content\/uploads\/2025\/05\/8-1024x683.jpg\" alt=\"\" srcset=\"https:\/\/www.feketezaj.hu\/wp-content\/uploads\/2025\/05\/8-1024x683.jpg 1024w, https:\/\/www.feketezaj.hu\/wp-content\/uploads\/2025\/05\/8-300x200.jpg 300w, https:\/\/www.feketezaj.hu\/wp-content\/uploads\/2025\/05\/8-768x512.jpg 768w, https:\/\/www.feketezaj.hu\/wp-content\/uploads\/2025\/05\/8-1536x1025.jpg 1536w, https:\/\/www.feketezaj.hu\/wp-content\/uploads\/2025\/05\/8-18x12.jpg 18w, https:\/\/www.feketezaj.hu\/wp-content\/uploads\/2025\/05\/8-1080x720.jpg 1080w, https:\/\/www.feketezaj.hu\/wp-content\/uploads\/2025\/05\/8-1280x854.jpg 1280w, https:\/\/www.feketezaj.hu\/wp-content\/uploads\/2025\/05\/8-980x654.jpg 980w, https:\/\/www.feketezaj.hu\/wp-content\/uploads\/2025\/05\/8-480x320.jpg 480w, https:\/\/www.feketezaj.hu\/wp-content\/uploads\/2025\/05\/8-600x400.jpg 600w, https:\/\/www.feketezaj.hu\/wp-content\/uploads\/2025\/05\/8.jpg 2048w\" sizes=\"(max-width: 1024px) 100vw, 1024px\" \/>\t\t\t\t\t\t\t\t\t\t\t\t\t\t\t\n\t\t\t\t\t\t\t\t\t\t\t\t\t\t\t<img width=\"1024\" height=\"683\" src=\"https:\/\/www.feketezaj.hu\/wp-content\/uploads\/2025\/05\/6-1024x683.jpg\" alt=\"\" srcset=\"https:\/\/www.feketezaj.hu\/wp-content\/uploads\/2025\/05\/6-1024x683.jpg 1024w, https:\/\/www.feketezaj.hu\/wp-content\/uploads\/2025\/05\/6-300x200.jpg 300w, https:\/\/www.feketezaj.hu\/wp-content\/uploads\/2025\/05\/6-768x512.jpg 768w, https:\/\/www.feketezaj.hu\/wp-content\/uploads\/2025\/05\/6-1536x1025.jpg 1536w, https:\/\/www.feketezaj.hu\/wp-content\/uploads\/2025\/05\/6-18x12.jpg 18w, https:\/\/www.feketezaj.hu\/wp-content\/uploads\/2025\/05\/6-1080x720.jpg 1080w, https:\/\/www.feketezaj.hu\/wp-content\/uploads\/2025\/05\/6-1280x854.jpg 1280w, https:\/\/www.feketezaj.hu\/wp-content\/uploads\/2025\/05\/6-980x654.jpg 980w, https:\/\/www.feketezaj.hu\/wp-content\/uploads\/2025\/05\/6-480x320.jpg 480w, https:\/\/www.feketezaj.hu\/wp-content\/uploads\/2025\/05\/6-600x400.jpg 600w, https:\/\/www.feketezaj.hu\/wp-content\/uploads\/2025\/05\/6.jpg 2048w\" sizes=\"(max-width: 1024px) 100vw, 1024px\" \/>\t\t\t\t\t\t\t\t\t\t\t\t\t\t\t\n\t\t\t\t\t<h3>\">\">\">A Fekete Zaj 2025-ben is izgalmas hazai \u00e9s k\u00fclf\u00f6ldi fell\u00e9p\u0151ket vonultat fel!<\/h3>\t\t\t\t\n\t\t\t\t\t<a href=\"https:\/\/www.feketezaj.hu\/lineup\/\" target=\"_blank\">\n\t\t\t\t\t\t\t\t\tMUTI A LINEUPOT\n\t\t\t\t\t<\/a>\n\t\t\t\t\t<h3>\">\">\">klubkoncertek <br>is vannak \u00e1m<\/h3>\t\t\t\t\n\t\t<p>Ha m\u00e1r a fesztiv\u00e1l el\u0151tt elm\u00e9ly\u00fcln\u00e9l a Zajos koncertekben, nem kell j\u00falius v\u00e9g\u00e9ig v\u00e1rnod: a klubszezonban is hozunk koncerteket Budapestre \u00e9s m\u00e1s v\u00e1rosok underground klubjaiba. A klubkoncertek nemcsak a ny\u00e1ri fesztiv\u00e1l hangulat\u00e1t id\u00e9zik meg, hanem lehet\u0151s\u00e9get adnak a kisebb, intimebb zenei \u00e9lm\u00e9nyekre is. N\u00e9zd meg a koncertnapt\u00e1runkat!<\/p>\t\t\n\t\t\t\t\t<a href=\"https:\/\/www.feketezaj.hu\/klubkoncertek\/\" target=\"_blank\">\n\t\t\t\t\t\t\t\t\tKLUBKONCERTEK '25\n\t\t\t\t\t<\/a>\n\t\t\t\t\t\t\t\t\t\t\t\t\t\t\t<img width=\"1024\" height=\"683\" src=\"https:\/\/www.feketezaj.hu\/wp-content\/uploads\/2025\/05\/10-1024x683.jpg\" alt=\"\" srcset=\"https:\/\/www.feketezaj.hu\/wp-content\/uploads\/2025\/05\/10-1024x683.jpg 1024w, https:\/\/www.feketezaj.hu\/wp-content\/uploads\/2025\/05\/10-300x200.jpg 300w, https:\/\/www.feketezaj.hu\/wp-content\/uploads\/2025\/05\/10-768x512.jpg 768w, https:\/\/www.feketezaj.hu\/wp-content\/uploads\/2025\/05\/10-1536x1025.jpg 1536w, https:\/\/www.feketezaj.hu\/wp-content\/uploads\/2025\/05\/10-18x12.jpg 18w, https:\/\/www.feketezaj.hu\/wp-content\/uploads\/2025\/05\/10-1080x720.jpg 1080w, https:\/\/www.feketezaj.hu\/wp-content\/uploads\/2025\/05\/10-1280x854.jpg 1280w, https:\/\/www.feketezaj.hu\/wp-content\/uploads\/2025\/05\/10-980x654.jpg 980w, https:\/\/www.feketezaj.hu\/wp-content\/uploads\/2025\/05\/10-480x320.jpg 480w, https:\/\/www.feketezaj.hu\/wp-content\/uploads\/2025\/05\/10-600x400.jpg 600w, https:\/\/www.feketezaj.hu\/wp-content\/uploads\/2025\/05\/10.jpg 2048w\" sizes=\"(max-width: 1024px) 100vw, 1024px\" \/>","_et_gb_content_width":"","footnotes":""},"class_list":["post-4160","page","type-page","status-publish","hentry"],"_links":{"self":[{"href":"https:\/\/www.feketezaj.hu\/en\/wp-json\/wp\/v2\/pages\/4160","targetHints":{"allow":["GET"]}}],"collection":[{"href":"https:\/\/www.feketezaj.hu\/en\/wp-json\/wp\/v2\/pages"}],"about":[{"href":"https:\/\/www.feketezaj.hu\/en\/wp-json\/wp\/v2\/types\/page"}],"author":[{"embeddable":true,"href":"https:\/\/www.feketezaj.hu\/en\/wp-json\/wp\/v2\/users\/1"}],"replies":[{"embeddable":true,"href":"https:\/\/www.feketezaj.hu\/en\/wp-json\/wp\/v2\/comments?post=4160"}],"version-history":[{"count":56,"href":"https:\/\/www.feketezaj.hu\/en\/wp-json\/wp\/v2\/pages\/4160\/revisions"}],"predecessor-version":[{"id":5413,"href":"https:\/\/www.feketezaj.hu\/en\/wp-json\/wp\/v2\/pages\/4160\/revisions\/5413"}],"wp:attachment":[{"href":"https:\/\/www.feketezaj.hu\/en\/wp-json\/wp\/v2\/media?parent=4160"}],"curies":[{"name":"wp","href":"https:\/\/api.w.org\/{rel}","templated":true}]}}